{"id":16922,"date":"2022-03-09T16:36:44","date_gmt":"2022-03-10T00:36:44","guid":{"rendered":"https:\/\/pcvwh.ca\/about\/"},"modified":"2022-10-26T12:04:21","modified_gmt":"2022-10-26T19:04:21","slug":"about","status":"publish","type":"page","link":"https:\/\/pcvwh.ca\/fr\/about\/","title":{"rendered":"About"},"content":{"rendered":"<div class=\"media-text-section break-out  img-align-left img-outside-container lgpadding has-white-background-color\">\n            <div class=\"media-text-section-row row justify-center\">\n            <div class=\"media-col col-12 col-lg-6\">\n                <img decoding=\"async\" src=\"https:\/\/pcvwh.ca\/wp-content\/uploads\/AdobeStock_290349392-copy.jpg\" alt=\"\">\n            <\/div>\n            <div class=\"text-col col-12 col-lg-6\" data-aos=\"fade-left\" >\n                \n\n<h1 class=\"h2 has-purple-color has-text-color wp-block-heading\">Veillons \u00e0 ce que la politique du logement tienne compte des femmes et des enfants<\/h1>\n\n\n\n<h5 class=\"has-blacktint-color has-text-color wp-block-heading\">Parlons femmes et logement est un projet national visant \u00e0 assurer que les politiques du logement \u00e0 travers le Canada tiennent compte des femmes et des enfants et leur donne la priorit\u00e9 Nous organisons un symposium annuel afin de donner aux femmes un espace pour discuter des changements qu\u2019elles souhaiteraient apporter aux politiques du logement aux \u00e9chelles locale, r\u00e9gionale et nationale. Depuis notre premier symposium en 2017, nous encourageons une participation intersectionnelle et inclusive.<\/h5>\n\n\n\n<p class=\"has-blacktint-color has-text-color\" class=\"opener\">Nous avons r\u00e9ussi \u00e0 faciliter des discussions urgentes et opportunes, qui ont inspir\u00e9 nos principaux appels \u00e0 l\u2019action. Nous avons \u00e9galement fait d\u2019importantes recommandations \u00e0 la Soci\u00e9t\u00e9 canadienne d\u2019hypoth\u00e8ques et de logement (SCHL), qui ont contribu\u00e9 \u00e0 l\u2019\u00e9laboration de la Strat\u00e9gie nationale sur le logement.<\/p>\n\n\n            <\/div>\n        <\/div>\n    <\/div>\n\n<div class=\"wp-block-cover lgpadding break-out\"><span aria-hidden=\"true\" class=\"wp-block-cover__background has-purple-background-color has-background-dim-100 has-background-dim\"><\/span><div class=\"wp-block-cover__inner-container is-layout-flow wp-block-cover-is-layout-flow\"><div class=\"wp-bootstrap-blocks-container container mb-2\">\n\t\n\n<h2 class=\"has-text-align-center max900 data-aos_fade aos-animate wp-block-heading\">\u00ab Le logement n\u2019est pas un privil\u00e8ge ou une marchandise. C\u2019est un <em>droit humain fondamental<\/em>. \u00bb<\/h2>\n\n<\/div>\n<\/div><\/div>\n\n<div class=\"wp-block-group\"><div class=\"wp-block-group__inner-container is-layout-flow wp-block-group-is-layout-flow\"><div class=\"media-text-section break-out  img-align-left lgpadding has-white-background-color\">\n            <div class=\"container\">\n            <div class=\"media-text-section-row row justify-center\">\n            <div class=\"media-col col-12 col-lg-6\">\n                <img decoding=\"async\" src=\"https:\/\/pcvwh.ca\/wp-content\/uploads\/IMG_8965-copy.jpg\" alt=\"\">\n            <\/div>\n            <div class=\"text-col col-12 col-lg-6\" data-aos=\"fade-left\" >\n                \n\n<h2 class=\"has-green-color has-text-color wp-block-heading\">Les progr\u00e8s sont \u00e0 port\u00e9e de main<\/h2>\n\n\n\n<h5 class=\"has-blacktint-color has-text-color wp-block-heading\">Notre mission vise \u00e0 d\u00e9finir la priorit\u00e9 suivante : donner aux femmes aux enfants de tout le Canada un logement s\u00fbr et abordable. Nous pensons que les politiques et les financements doivent refl\u00e9ter cette demande.<\/h5>\n\n\n\n<div style=\"height:5px\" aria-hidden=\"true\" class=\"wp-block-spacer\"><\/div>\n\n\n\n<h3 class=\"has-purple-color has-text-color wp-block-heading\">Voici les femmes \u00e0 l\u2019origine de notre symposium<\/h3>\n\n\n\n<p>Notre symposium annuel est le fruit du travail de 15 femmes puissantes Chacune poss\u00e8de une vaste exp\u00e9rience de la revendication des droits et de la cr\u00e9ation de logements s\u00fbrs et \u00e9quitables pour les femmes et les enfants.<\/p>\n\n\n\n<div class=\"wp-block-buttons is-layout-flex wp-block-buttons-is-layout-flex\">\n<div class=\"wp-block-button is-style-outline is-style-outline--1\"><a class=\"wp-block-button__link has-purple-color has-text-color\" href=\"https:\/\/pcvwh.ca\/fr\/cercle-consultatif\/\">Voir le cercle consultatif complet<\/a><\/div>\n<\/div>\n\n\n            <\/div>\n        <\/div>\n            <\/div>\n    <\/div>\n\n\n\n\n<\/div><\/div>\n<div class=\"media-text-section break-out  img-align-right img-outside-container lgpadding has-yellow-background-color\">\n            <div class=\"media-text-section-row row justify-center\">\n            <div class=\"media-col col-12 col-lg-6\">\n                <img decoding=\"async\" src=\"https:\/\/pcvwh.ca\/wp-content\/uploads\/AdobeStock_308901014-copy.jpg\" alt=\"\">\n            <\/div>\n            <div class=\"text-col col-12 col-lg-6\" data-aos=\"fade-right\" >\n                \n\n<h2 class=\"has-purple-color has-text-color wp-block-heading\">Lire notre histoire<\/h2>\n\n\n\n<h5 class=\"wp-block-heading\">En octobre 2016, la communaut\u00e9 des femmes a demand\u00e9 \u00e0 la SCHL de favoriser une conversation nationale sur le logement des femmes. Cette conversation r\u00e9unira des femmes ayant une expertise v\u00e9cue et des organisations de femmes.<\/h5>\n\n\n\n<p>Notre demande a \u00e9t\u00e9 imm\u00e9diatement soutenue et a abouti \u00e0 un financement de la SCHL ainsi que de Femmes et \u00c9galit\u00e9 des genres Canada (FEGC) et Emploi et D\u00e9veloppement social Canada (EDSC). La premi\u00e8re conversation de Parlons femmes et logement a eu lieu \u00e0 Toronto les 14 et 15 septembre 2017.<\/p>\n\n\n            <\/div>\n        <\/div>\n    <\/div>\n\n<div class=\"wp-block-group break-out xlpadding has-purpletint-background-color has-background\"><div class=\"wp-block-group__inner-container is-layout-flow wp-block-group-is-layout-flow\"><div class=\"wp-bootstrap-blocks-container container mb-2\">\n\t\n\n<h2 class=\"has-text-align-center data-aos_fade-up aos-animate wp-block-heading\">Nos six appels \u00e0 l\u2019action<\/h2>\n\n\n\n<div style=\"height:15px\" aria-hidden=\"true\" class=\"wp-block-spacer\"><\/div>\n\n\n\n    <div class=\"highlight-boxes row-num-3\">\n\n                    <div class=\"highlight-box\" data-aos=\"fade-up\" data-aos-delay=\"0\">\n                                    <div class=\"hb-title-section\">\n                \n                                            <div class=\"hb-num cta-num\">\n                            1.                        <\/div>\n                                                                <h3 class=\"hb-title  \">\n                            Logement et femmes ayant une exp\u00e9rience v\u00e9cue                         <\/h3>\n                    \n                                    <\/div>\n                \n                \n            <\/div>\n\n\n            <!--  -->\n\n                    <div class=\"highlight-box\" data-aos=\"fade-up\" data-aos-delay=\"200\">\n                                    <div class=\"hb-title-section\">\n                \n                                            <div class=\"hb-num cta-num\">\n                            2.                        <\/div>\n                                                                <h3 class=\"hb-title  \">\n                            Logement des femmes des Premi\u00e8res Nations et des peuples m\u00e9tis et inuits                        <\/h3>\n                    \n                                    <\/div>\n                \n                \n            <\/div>\n\n\n            <!--  -->\n\n                    <div class=\"highlight-box\" data-aos=\"fade-up\" data-aos-delay=\"400\">\n                                    <div class=\"hb-title-section\">\n                \n                                            <div class=\"hb-num cta-num\">\n                            3.                        <\/div>\n                                                                <h3 class=\"hb-title  \">\n                            Financement des infrastructures pour le logement                        <\/h3>\n                    \n                                    <\/div>\n                \n                \n            <\/div>\n\n\n            <!--  -->\n\n                    <div class=\"highlight-box\" data-aos=\"fade-up\" data-aos-delay=\"0\">\n                                    <div class=\"hb-title-section\">\n                \n                                            <div class=\"hb-num cta-num\">\n                            4.                        <\/div>\n                                                                <h3 class=\"hb-title  \">\n                            Parlons femmes et logement                        <\/h3>\n                    \n                                    <\/div>\n                \n                \n            <\/div>\n\n\n            <!--  -->\n\n                    <div class=\"highlight-box\" data-aos=\"fade-up\" data-aos-delay=\"200\">\n                                    <div class=\"hb-title-section\">\n                \n                                            <div class=\"hb-num cta-num\">\n                            5.                        <\/div>\n                                                                <h3 class=\"hb-title  \">\n                            Financement op\u00e9rationnel pour les organisations dirig\u00e9es par des femmes et au service des femmes                        <\/h3>\n                    \n                                    <\/div>\n                \n                \n            <\/div>\n\n\n            <!--  -->\n\n                    <div class=\"highlight-box\" data-aos=\"fade-up\" data-aos-delay=\"400\">\n                                    <div class=\"hb-title-section\">\n                \n                                            <div class=\"hb-num cta-num\">\n                            6.                        <\/div>\n                                                                <h3 class=\"hb-title  \">\n                            Les femmes et un revenu annuel garanti                        <\/h3>\n                    \n                                    <\/div>\n                \n                \n            <\/div>\n\n\n            <!--  -->\n\n        \n    <\/div>\n\n\n\n<div class=\"wp-block-buttons data-aos_fade-up aos-animate is-horizontal is-content-justification-center is-layout-flex wp-container-core-buttons-is-layout-499968f5 wp-block-buttons-is-layout-flex\">\n<div class=\"wp-block-button is-style-fill\"><a class=\"wp-block-button__link has-white-color has-green-background-color has-text-color has-background\" href=\"https:\/\/pcvwh.ca\/fr\/appels-a-laction\/\">En savoir plus<\/a><\/div>\n<\/div>\n\n<\/div>\n<\/div><\/div>\n\n<div class=\"wp-block-group lgpadding max900\"><div class=\"wp-block-group__inner-container is-layout-flow wp-block-group-is-layout-flow\">\n<h2 class=\"has-text-align-center max750 data-aos_fade-up aos-animate has-green-color has-text-color wp-block-heading\">Le logement des femmes a besoin de d\u00e9fenseurs comme <em>vous<\/em><\/h2>\n\n\n\n<p class=\"has-text-align-center data-aos_fade-up aos-animate\">Au Canada, le logement des femmes n\u00e9cessite davantage de financement et d\u2019attention. Les femmes sans abri et fuyant la violence sont souvent exclues du dialogue sur la justice et l\u2019abordabilit\u00e9 du logement. Votre contribution permettra de lever ces obstacles.<\/p>\n<\/div><\/div>\n","protected":false},"excerpt":{"rendered":"<p>Nous avons r\u00e9ussi \u00e0 faciliter des discussions urgentes et opportunes, qui ont inspir\u00e9 nos principaux appels \u00e0 l\u2019action. Nous avons \u00e9galement fait d\u2019importantes recommandations \u00e0 la Soci\u00e9t\u00e9 canadienne d\u2019hypoth\u00e8ques et de logement (SCHL), qui ont contribu\u00e9 \u00e0 l\u2019\u00e9laboration de la Strat\u00e9gie nationale sur le logement. Notre symposium annuel est le fruit du travail de 15&hellip;<\/p>\n","protected":false},"author":12,"featured_media":16812,"parent":0,"menu_order":0,"comment_status":"closed","ping_status":"closed","template":"","meta":{"_acf_changed":false,"footnotes":""},"class_list":["post-16922","page","type-page","status-publish","has-post-thumbnail","hentry"],"acf":[],"_links":{"self":[{"href":"https:\/\/pcvwh.ca\/fr\/wp-json\/wp\/v2\/pages\/16922","targetHints":{"allow":["GET"]}}],"collection":[{"href":"https:\/\/pcvwh.ca\/fr\/wp-json\/wp\/v2\/pages"}],"about":[{"href":"https:\/\/pcvwh.ca\/fr\/wp-json\/wp\/v2\/types\/page"}],"author":[{"embeddable":true,"href":"https:\/\/pcvwh.ca\/fr\/wp-json\/wp\/v2\/users\/12"}],"replies":[{"embeddable":true,"href":"https:\/\/pcvwh.ca\/fr\/wp-json\/wp\/v2\/comments?post=16922"}],"version-history":[{"count":3,"href":"https:\/\/pcvwh.ca\/fr\/wp-json\/wp\/v2\/pages\/16922\/revisions"}],"predecessor-version":[{"id":17016,"href":"https:\/\/pcvwh.ca\/fr\/wp-json\/wp\/v2\/pages\/16922\/revisions\/17016"}],"wp:featuredmedia":[{"embeddable":true,"href":"https:\/\/pcvwh.ca\/fr\/wp-json\/wp\/v2\/media\/16812"}],"wp:attachment":[{"href":"https:\/\/pcvwh.ca\/fr\/wp-json\/wp\/v2\/media?parent=16922"}],"curies":[{"name":"wp","href":"https:\/\/api.w.org\/{rel}","templated":true}]}}